{"id":26960,"date":"2024-08-27T09:00:24","date_gmt":"2024-08-27T09:00:24","guid":{"rendered":"https:\/\/sublicasa.com\/steden\/denia\/"},"modified":"2024-10-30T15:17:20","modified_gmt":"2024-10-30T15:17:20","slug":"denia","status":"publish","type":"steden","link":"https:\/\/sublicasa.com\/fr\/villes\/denia\/","title":{"rendered":"Denia"},"content":{"rendered":"\n<section class=\"stad-header-block\">\n<div class=\"contact mobile\">\n                <h3>Vous cherchez une maison<br \/>\n\u00e0 D\u00e9nia?<\/h3>\n<p>Si vous ne trouvez pas ce que vous cherchez, ne vous inqui\u00e9tez pas. Faites-nous part de vos souhaits et nous trouverons pour vous la maison de vos r\u00eaves ! Si vous recherchez une maison \u00e0 vendre \u00e0 Denia, contactez-nous et nous vous enverrons une s\u00e9lection qui r\u00e9pond \u00e0 vos besoins.<\/p>\n<p><a href=\"https:\/\/sublicasa.com\/fr\/contact\/\">Contactez-nous<\/a><\/p>\n            <\/div>\n        <div class=\"stad-content\">\n        <div class=\"button_group top-btn vanaf-laptop\">\n            <a href=\"https:\/\/sublicasa.com\/fr\/costa-blanca-noord\/\"><span><svg xmlns=\"http:\/\/www.w3.org\/2000\/svg\" width=\"11.049\" height=\"11.464\" viewBox=\"0 0 11.049 11.464\">\n  <g id=\"Icon_feather-arrow-left\" data-name=\"Icon feather-arrow-left\" transform=\"translate(-7 -6.793)\">\n    <path id=\"Path_1\" data-name=\"Path 1\" d=\"M17.549,18H7.5\" transform=\"translate(0 -5.475)\" fill=\"none\" stroke=\"#36a9e1\" stroke-linecap=\"round\" stroke-linejoin=\"round\" stroke-width=\"1\"\/>\n    <path id=\"Path_2\" data-name=\"Path 2\" d=\"M12.525,17.549,7.5,12.525,12.525,7.5\" fill=\"none\" stroke=\"#36a9e1\" stroke-linecap=\"round\" stroke-linejoin=\"round\" stroke-width=\"1\"\/>\n  <\/g>\n<\/svg>\n<\/span>Retour r\u00e9gion<\/a>\n        <\/div>\n        \n        <div class=\"content\"> <h1>Denia<\/h1>\n<p>Denia, la capitale de la r\u00e9gion de Marina Alta, tiens son nom du latin Dianium, une r\u00e9f\u00e9rence \u00e0 la d\u00e9esse romaine Diane. Le village poss\u00e8de un riche patrimoine qui refl\u00e8te l&rsquo;influence de plusieurs civilisations qui y vivaient autrefois, notamment les Ib\u00e8res, les Romains, les musulmans et les chr\u00e9tiens. Les principaux monuments sont le ch\u00e2teau de Denia, qui surplombe la ville depuis le XIe si\u00e8cle, l&rsquo;\u00e9glise gothique-Renaissance de la Asunci\u00f3n, la mairie du XVIIIe si\u00e8cle et le mus\u00e9e ethnologique qui montre les traditions maritimes et agricoles de la r\u00e9gion.<\/p>\n<p>A Denia vous trouverez tout. Golf, restaurants, plages et montagnes,\u00a0 et pour finir le plus grand port de plaisance de la Costa Blanca.<\/p>\n<p>Un lieu authentique de la Costa Blanca Nord, non envahi par le tourisme de masse mais une station baln\u00e9aire exclusive anim\u00e9e \u00e9t\u00e9 comme hiver.<\/p>\n<p>Au centre de Denia, vous trouverez de belles places avec des restaurants locaux et de nombreuses tapas.<\/p>\n<p>Denia offre aux visiteurs plus de 20 kilom\u00e8tres de plages de sable et de rochers, de criques cach\u00e9es et de falaises. Le parc naturel du Montg\u00f3, qui s\u00e9pare Denia de <a href=\"https:\/\/sublicasa.com\/fr\/villes\/javea-2\/?id=26972\">J\u00e1vea<\/a>, est un excellent endroit pour se promener, faire du v\u00e9lo ou faire de l&rsquo;escalade. Depuis le port de Denia, les visiteurs peuvent voyager en bateau vers les \u00eeles Bal\u00e9ares, notamment Ibiza et Formentera.<\/p>\n<\/div>\n                    <\/div>\n        <div class=\"stad-image\">\n            <div class=\"img-cont\">\n                <img decoding=\"async\" src=\"https:\/\/sublicasa.com\/wp-content\/uploads\/2024\/08\/Denia-5.jpg\" alt=\"\">            <\/div>\n            <div class=\"contact\">\n                <h3>Vous cherchez une maison<br \/>\n\u00e0 D\u00e9nia?<\/h3>\n<p>Si vous ne trouvez pas ce que vous cherchez, ne vous inqui\u00e9tez pas. Faites-nous part de vos souhaits et nous trouverons pour vous la maison de vos r\u00eaves ! Si vous recherchez une maison \u00e0 vendre \u00e0 Denia, contactez-nous et nous vous enverrons une s\u00e9lection qui r\u00e9pond \u00e0 vos besoins.<\/p>\n<p><a href=\"https:\/\/sublicasa.com\/fr\/contact\/\">Contactez-nous<\/a><\/p>\n            <\/div>\n        <\/div>\n        <div class=\"button_group top-btn tot-laptop\">\n            <a href=\"https:\/\/sublicasa.com\/fr\/costa-blanca-noord\/\"><span><svg xmlns=\"http:\/\/www.w3.org\/2000\/svg\" width=\"11.049\" height=\"11.464\" viewBox=\"0 0 11.049 11.464\">\n  <g id=\"Icon_feather-arrow-left\" data-name=\"Icon feather-arrow-left\" transform=\"translate(-7 -6.793)\">\n    <path id=\"Path_1\" data-name=\"Path 1\" d=\"M17.549,18H7.5\" transform=\"translate(0 -5.475)\" fill=\"none\" stroke=\"#36a9e1\" stroke-linecap=\"round\" stroke-linejoin=\"round\" stroke-width=\"1\"\/>\n    <path id=\"Path_2\" data-name=\"Path 2\" d=\"M12.525,17.549,7.5,12.525,12.525,7.5\" fill=\"none\" stroke=\"#36a9e1\" stroke-linecap=\"round\" stroke-linejoin=\"round\" stroke-width=\"1\"\/>\n  <\/g>\n<\/svg>\n<\/span>Retour r\u00e9gion<\/a>        <\/div>\n    <\/section>\n\n\n\n<div class=\"accordion-block\">\n\t<div class=\"title containerSmall\"><h2>Sites touristiques \u00e0  Denia<\/h2><\/div>\n\t\t\t\t<div class=\"section containerSmall\">\n\t\t\t\t<div class=\"img\"><img decoding=\"async\" src=\"https:\/\/sublicasa.com\/wp-content\/uploads\/2024\/08\/0.1._Castell_de_Denia_Pais_Valencia.png\" alt=\"\"><\/div>\n\t\t\t\t<div class=\"acc-content\">\n\t\t\t\t\t<div class=\"title\">\n\t\t\t\t\t\t<h4>Le ch\u00e2teau de D\u00e9nia<\/h4>\n\t\t\t\t\t\t<div class=\"icon\">\n\t\t\t\t\t\t<svg xmlns=\"http:\/\/www.w3.org\/2000\/svg\" width=\"12.171\" height=\"11.549\" viewBox=\"0 0 12.171 11.549\">\n\t\t\t\t\t\t\t<g id=\"Icon_feather-arrow-left\" data-name=\"Icon feather-arrow-left\" transform=\"translate(-6.439 18.299) rotate(-90)\">\n\t\t\t\t\t\t\t\t<path id=\"Path_1\" data-name=\"Path 1\" d=\"M17.549,18H7.5\" transform=\"translate(0 -5.475)\" fill=\"none\" stroke=\"#333\" stroke-linecap=\"round\" stroke-linejoin=\"round\" stroke-width=\"1.5\"\/>\n\t\t\t\t\t\t\t\t<path id=\"Path_2\" data-name=\"Path 2\" d=\"M12.525,17.549,7.5,12.525,12.525,7.5\" fill=\"none\" stroke=\"#333\" stroke-linecap=\"round\" stroke-linejoin=\"round\" stroke-width=\"1.5\"\/>\n\t\t\t\t\t\t\t<\/g>\n\t\t\t\t\t\t<\/svg>\n\n\t\t\t\t\t\t<\/div>\n\t\t\t\t\t<\/div>\n\t\t\t\t\t<div class=\"content\">\n\t\t\t\t\t\t<p>Sur la colline \u00e0 c\u00f4t\u00e9 du port se trouve \u00ab El Castillo \u00bb. Ce ch\u00e2teau a \u00e9t\u00e9 construit entre le XIe et le XIIe si\u00e8cle et pr\u00e9sente donc un style islamique. Depuis, de nombreux am\u00e9nagements ont \u00e9t\u00e9 apport\u00e9s au ch\u00e2teau, ce qui lui conf\u00e8re \u00e9galement des influences de la Renaissance. Le ch\u00e2teau a \u00e9t\u00e9 en grande partie d\u00e9truit en 1859, mais restaur\u00e9 plus tard. Des concerts ont souvent lieu au ch\u00e2teau le soir en \u00e9t\u00e9. Le mus\u00e9e du ch\u00e2teau abrite \u00e9galement les vestiges arch\u00e9ologiques d&rsquo;une colonie romaine appel\u00e9e \u00ab Diannium \u00bb d\u00e9couverts dans la r\u00e9gion.<\/p>\n<p><a href=\"https:\/\/www.denia.net\/castillo-de-denia\" target=\"_blank\" rel=\"noopener\">Plus d&rsquo;info<\/a><\/p>\n\t\t\t\t\t<\/div>\n\t\t\t\t<\/div>\n\t\t\t<\/div>\n\t\t\t\t\t<div class=\"section containerSmall\">\n\t\t\t\t<div class=\"img\"><img decoding=\"async\" src=\"https:\/\/sublicasa.com\/wp-content\/uploads\/2024\/08\/Montgo-berg2.jpg\" alt=\"\"><\/div>\n\t\t\t\t<div class=\"acc-content\">\n\t\t\t\t\t<div class=\"title\">\n\t\t\t\t\t\t<h4>Grimper la montagne Montgo<\/h4>\n\t\t\t\t\t\t<div class=\"icon\">\n\t\t\t\t\t\t<svg xmlns=\"http:\/\/www.w3.org\/2000\/svg\" width=\"12.171\" height=\"11.549\" viewBox=\"0 0 12.171 11.549\">\n\t\t\t\t\t\t\t<g id=\"Icon_feather-arrow-left\" data-name=\"Icon feather-arrow-left\" transform=\"translate(-6.439 18.299) rotate(-90)\">\n\t\t\t\t\t\t\t\t<path id=\"Path_1\" data-name=\"Path 1\" d=\"M17.549,18H7.5\" transform=\"translate(0 -5.475)\" fill=\"none\" stroke=\"#333\" stroke-linecap=\"round\" stroke-linejoin=\"round\" stroke-width=\"1.5\"\/>\n\t\t\t\t\t\t\t\t<path id=\"Path_2\" data-name=\"Path 2\" d=\"M12.525,17.549,7.5,12.525,12.525,7.5\" fill=\"none\" stroke=\"#333\" stroke-linecap=\"round\" stroke-linejoin=\"round\" stroke-width=\"1.5\"\/>\n\t\t\t\t\t\t\t<\/g>\n\t\t\t\t\t\t<\/svg>\n\n\t\t\t\t\t\t<\/div>\n\t\t\t\t\t<\/div>\n\t\t\t\t\t<div class=\"content\">\n\t\t\t\t\t\t<p>Une belle marche rapide. Ne vous \u00e9loignez pas du chemin. De bonnes chaussures de montagne sont indispensables. Des vues fantastiques et avec un peu de chance, vous pourrez voir Ibiza.<\/p>\n<p><a href=\"https:\/\/denia.net\/parque-natural-montgo\" target=\"_blank\" rel=\"noopener\">Plus d&rsquo;info<\/a><\/p>\n\t\t\t\t\t<\/div>\n\t\t\t\t<\/div>\n\t\t\t<\/div>\n\t\t<\/div>\n\n\n\n\n    <section class=\"stad-regio-block containerBig\">\n    <div class=\"title\"><h2>Panden in deze regio<\/h2><\/div>\n    <div class=\"grid\">        <div class=\"card\" >\n            <div class=\"slider-arrows\">\n            <button type=\"button\" class=\"slick-prev\"><svg xmlns=\"http:\/\/www.w3.org\/2000\/svg\" width=\"32\" height=\"32\" viewBox=\"0 0 32 32\">\n            <g id=\"Group_64\" data-name=\"Group 64\" transform=\"translate(-298 -1770)\">\n                <circle id=\"Ellipse_1\" data-name=\"Ellipse 1\" cx=\"16\" cy=\"16\" r=\"16\" transform=\"translate(298 1770)\" fill=\"#fff\"\/>\n                <g id=\"Icon_feather-arrow-left\" data-name=\"Icon feather-arrow-left\" transform=\"translate(301.475 1773.45)\">\n                <path id=\"Path_1\" data-name=\"Path 1\" d=\"M17.549,18H7.5\" transform=\"translate(0 -5.475)\" fill=\"none\" stroke=\"#36a9e1\" stroke-linecap=\"round\" stroke-linejoin=\"round\" stroke-width=\"1.5\"\/>\n                <path id=\"Path_2\" data-name=\"Path 2\" d=\"M12.525,17.549,7.5,12.525,12.525,7.5\" fill=\"none\" stroke=\"#36a9e1\" stroke-linecap=\"round\" stroke-linejoin=\"round\" stroke-width=\"1.5\"\/>\n                <\/g>\n            <\/g>\n            <\/svg>\n            <\/button>\n                        <button type=\"button\" class=\"slick-next\"><svg xmlns=\"http:\/\/www.w3.org\/2000\/svg\" width=\"32\" height=\"32\" viewBox=\"0 0 32 32\">\n            <g id=\"Group_49\" data-name=\"Group 49\" transform=\"translate(330 1802) rotate(180)\">\n                <circle id=\"Ellipse_1\" data-name=\"Ellipse 1\" cx=\"16\" cy=\"16\" r=\"16\" transform=\"translate(298 1770)\" fill=\"#fff\"\/>\n                <g id=\"Icon_feather-arrow-left\" data-name=\"Icon feather-arrow-left\" transform=\"translate(301.475 1773.45)\">\n                <path id=\"Path_1\" data-name=\"Path 1\" d=\"M17.549,18H7.5\" transform=\"translate(0 -5.475)\" fill=\"none\" stroke=\"#36a9e1\" stroke-linecap=\"round\" stroke-linejoin=\"round\" stroke-width=\"1.5\"\/>\n                <path id=\"Path_2\" data-name=\"Path 2\" d=\"M12.525,17.549,7.5,12.525,12.525,7.5\" fill=\"none\" stroke=\"#36a9e1\" stroke-linecap=\"round\" stroke-linejoin=\"round\" stroke-width=\"1.5\"\/>\n                <\/g>\n            <\/g>\n            <\/svg>\n            <\/button>\n            <\/div>\n            <a href=\"https:\/\/sublicasa.com\/fr\/offre\/villa-a-vendre-a-denia\/\" class=\"fullLink\"><\/a>\n            <div class=\"card-slider\">\n                <img fetchpriority=\"high\" decoding=\"async\" width=\"1920\" height=\"1080\" src=\"https:\/\/sublicasa.com\/wp-content\/uploads\/2026\/02\/3079-6.jpg\" class=\"attachment-full size-full\" alt=\"\" srcset=\"https:\/\/sublicasa.com\/wp-content\/uploads\/2026\/02\/3079-6.jpg 1920w, https:\/\/sublicasa.com\/wp-content\/uploads\/2026\/02\/3079-6-300x169.jpg 300w, https:\/\/sublicasa.com\/wp-content\/uploads\/2026\/02\/3079-6-1024x576.jpg 1024w, https:\/\/sublicasa.com\/wp-content\/uploads\/2026\/02\/3079-6-768x432.jpg 768w, https:\/\/sublicasa.com\/wp-content\/uploads\/2026\/02\/3079-6-1536x864.jpg 1536w\" sizes=\"(max-width: 1920px) 100vw, 1920px\" \/><img decoding=\"async\" width=\"1920\" height=\"1080\" src=\"https:\/\/sublicasa.com\/wp-content\/uploads\/2026\/02\/3079-1.jpg\" class=\"attachment-full size-full\" alt=\"\" srcset=\"https:\/\/sublicasa.com\/wp-content\/uploads\/2026\/02\/3079-1.jpg 1920w, https:\/\/sublicasa.com\/wp-content\/uploads\/2026\/02\/3079-1-300x169.jpg 300w, https:\/\/sublicasa.com\/wp-content\/uploads\/2026\/02\/3079-1-1024x576.jpg 1024w, https:\/\/sublicasa.com\/wp-content\/uploads\/2026\/02\/3079-1-768x432.jpg 768w, https:\/\/sublicasa.com\/wp-content\/uploads\/2026\/02\/3079-1-1536x864.jpg 1536w\" sizes=\"(max-width: 1920px) 100vw, 1920px\" \/><img decoding=\"async\" width=\"1920\" height=\"1080\" src=\"https:\/\/sublicasa.com\/wp-content\/uploads\/2026\/02\/3079-3.jpg\" class=\"attachment-full size-full\" alt=\"\" srcset=\"https:\/\/sublicasa.com\/wp-content\/uploads\/2026\/02\/3079-3.jpg 1920w, https:\/\/sublicasa.com\/wp-content\/uploads\/2026\/02\/3079-3-300x169.jpg 300w, https:\/\/sublicasa.com\/wp-content\/uploads\/2026\/02\/3079-3-1024x576.jpg 1024w, https:\/\/sublicasa.com\/wp-content\/uploads\/2026\/02\/3079-3-768x432.jpg 768w, https:\/\/sublicasa.com\/wp-content\/uploads\/2026\/02\/3079-3-1536x864.jpg 1536w\" sizes=\"(max-width: 1920px) 100vw, 1920px\" \/><img loading=\"lazy\" decoding=\"async\" width=\"1920\" height=\"1080\" src=\"https:\/\/sublicasa.com\/wp-content\/uploads\/2026\/02\/3079-2.jpg\" class=\"attachment-full size-full\" alt=\"\" srcset=\"https:\/\/sublicasa.com\/wp-content\/uploads\/2026\/02\/3079-2.jpg 1920w, https:\/\/sublicasa.com\/wp-content\/uploads\/2026\/02\/3079-2-300x169.jpg 300w, https:\/\/sublicasa.com\/wp-content\/uploads\/2026\/02\/3079-2-1024x576.jpg 1024w, https:\/\/sublicasa.com\/wp-content\/uploads\/2026\/02\/3079-2-768x432.jpg 768w, https:\/\/sublicasa.com\/wp-content\/uploads\/2026\/02\/3079-2-1536x864.jpg 1536w\" sizes=\"(max-width: 1920px) 100vw, 1920px\" \/><img loading=\"lazy\" decoding=\"async\" width=\"1920\" height=\"1080\" src=\"https:\/\/sublicasa.com\/wp-content\/uploads\/2026\/02\/3079-5.jpg\" class=\"attachment-full size-full\" alt=\"\" srcset=\"https:\/\/sublicasa.com\/wp-content\/uploads\/2026\/02\/3079-5.jpg 1920w, https:\/\/sublicasa.com\/wp-content\/uploads\/2026\/02\/3079-5-300x169.jpg 300w, https:\/\/sublicasa.com\/wp-content\/uploads\/2026\/02\/3079-5-1024x576.jpg 1024w, https:\/\/sublicasa.com\/wp-content\/uploads\/2026\/02\/3079-5-768x432.jpg 768w, https:\/\/sublicasa.com\/wp-content\/uploads\/2026\/02\/3079-5-1536x864.jpg 1536w\" sizes=\"(max-width: 1920px) 100vw, 1920px\" \/><img loading=\"lazy\" decoding=\"async\" width=\"1920\" height=\"1080\" src=\"https:\/\/sublicasa.com\/wp-content\/uploads\/2026\/02\/3079-4.jpg\" class=\"attachment-full size-full\" alt=\"\" srcset=\"https:\/\/sublicasa.com\/wp-content\/uploads\/2026\/02\/3079-4.jpg 1920w, https:\/\/sublicasa.com\/wp-content\/uploads\/2026\/02\/3079-4-300x169.jpg 300w, https:\/\/sublicasa.com\/wp-content\/uploads\/2026\/02\/3079-4-1024x576.jpg 1024w, https:\/\/sublicasa.com\/wp-content\/uploads\/2026\/02\/3079-4-768x432.jpg 768w, https:\/\/sublicasa.com\/wp-content\/uploads\/2026\/02\/3079-4-1536x864.jpg 1536w\" sizes=\"(max-width: 1920px) 100vw, 1920px\" \/><img loading=\"lazy\" decoding=\"async\" width=\"1920\" height=\"1080\" src=\"https:\/\/sublicasa.com\/wp-content\/uploads\/2026\/02\/3079-7.jpg\" class=\"attachment-full size-full\" alt=\"Maison \u00e0 vendre Espagne\" srcset=\"https:\/\/sublicasa.com\/wp-content\/uploads\/2026\/02\/3079-7.jpg 1920w, https:\/\/sublicasa.com\/wp-content\/uploads\/2026\/02\/3079-7-300x169.jpg 300w, https:\/\/sublicasa.com\/wp-content\/uploads\/2026\/02\/3079-7-1024x576.jpg 1024w, https:\/\/sublicasa.com\/wp-content\/uploads\/2026\/02\/3079-7-768x432.jpg 768w, https:\/\/sublicasa.com\/wp-content\/uploads\/2026\/02\/3079-7-1536x864.jpg 1536w\" sizes=\"(max-width: 1920px) 100vw, 1920px\" \/>            <\/div>\n                                                                 <div class=\"icon\">\n                    <div class=\"iconbox\">\n                                                                            <p class=\"price\">\u00e0 partir de <br> &euro; 1.250.000<\/p>\n                                            <\/div>\n                <\/div>\n                <div class=\"content\">\n                    <div class=\"top\">\n                    <a href=\"https:\/\/sublicasa.com\/fr\/villes\/denia\/\" class=\"locatie\"><img decoding=\"async\" src=\"https:\/\/sublicasa.com\/wp-content\/themes\/webit\/images\/icons\/marker.svg\" alt=\"\"> Denia<\/a>                    <\/div>\n                    <h4>Villa \u00e0 vendre \u00e0 D\u00e9nia<\/h4>\n                    <div class=\"bottom\">\n                                                <div class=\"beds\"><img decoding=\"async\" src=\"https:\/\/sublicasa.com\/wp-content\/themes\/webit\/images\/icons\/bed.svg\" alt=\"\"> 3<\/div>                        <div class=\"baths\"><img decoding=\"async\" src=\"https:\/\/sublicasa.com\/wp-content\/themes\/webit\/images\/icons\/bath.svg\" alt=\"\"> 3<\/div>                        <div class=\"surface\"><img decoding=\"async\" src=\"https:\/\/sublicasa.com\/wp-content\/themes\/webit\/images\/icons\/surface.svg\" alt=\"\"> 235 &#13217;<\/div>                        <a class=\"btn\" href=\"https:\/\/sublicasa.com\/fr\/offre\/villa-a-vendre-a-denia\/\">Voir le bien<\/a>                    <\/div>\n                    \n                <\/div>\n        <\/div>\n        \n            <div class=\"card\" >\n            <div class=\"slider-arrows\">\n            <button type=\"button\" class=\"slick-prev\"><svg xmlns=\"http:\/\/www.w3.org\/2000\/svg\" width=\"32\" height=\"32\" viewBox=\"0 0 32 32\">\n            <g id=\"Group_64\" data-name=\"Group 64\" transform=\"translate(-298 -1770)\">\n                <circle id=\"Ellipse_1\" data-name=\"Ellipse 1\" cx=\"16\" cy=\"16\" r=\"16\" transform=\"translate(298 1770)\" fill=\"#fff\"\/>\n                <g id=\"Icon_feather-arrow-left\" data-name=\"Icon feather-arrow-left\" transform=\"translate(301.475 1773.45)\">\n                <path id=\"Path_1\" data-name=\"Path 1\" d=\"M17.549,18H7.5\" transform=\"translate(0 -5.475)\" fill=\"none\" stroke=\"#36a9e1\" stroke-linecap=\"round\" stroke-linejoin=\"round\" stroke-width=\"1.5\"\/>\n                <path id=\"Path_2\" data-name=\"Path 2\" d=\"M12.525,17.549,7.5,12.525,12.525,7.5\" fill=\"none\" stroke=\"#36a9e1\" stroke-linecap=\"round\" stroke-linejoin=\"round\" stroke-width=\"1.5\"\/>\n                <\/g>\n            <\/g>\n            <\/svg>\n            <\/button>\n                        <button type=\"button\" class=\"slick-next\"><svg xmlns=\"http:\/\/www.w3.org\/2000\/svg\" width=\"32\" height=\"32\" viewBox=\"0 0 32 32\">\n            <g id=\"Group_49\" data-name=\"Group 49\" transform=\"translate(330 1802) rotate(180)\">\n                <circle id=\"Ellipse_1\" data-name=\"Ellipse 1\" cx=\"16\" cy=\"16\" r=\"16\" transform=\"translate(298 1770)\" fill=\"#fff\"\/>\n                <g id=\"Icon_feather-arrow-left\" data-name=\"Icon feather-arrow-left\" transform=\"translate(301.475 1773.45)\">\n                <path id=\"Path_1\" data-name=\"Path 1\" d=\"M17.549,18H7.5\" transform=\"translate(0 -5.475)\" fill=\"none\" stroke=\"#36a9e1\" stroke-linecap=\"round\" stroke-linejoin=\"round\" stroke-width=\"1.5\"\/>\n                <path id=\"Path_2\" data-name=\"Path 2\" d=\"M12.525,17.549,7.5,12.525,12.525,7.5\" fill=\"none\" stroke=\"#36a9e1\" stroke-linecap=\"round\" stroke-linejoin=\"round\" stroke-width=\"1.5\"\/>\n                <\/g>\n            <\/g>\n            <\/svg>\n            <\/button>\n            <\/div>\n            <a href=\"https:\/\/sublicasa.com\/fr\/offre\/villa-moderne-pres-de-la-mer-et-du-centre-de-denia\/\" class=\"fullLink\"><\/a>\n            <div class=\"card-slider\">\n                <img loading=\"lazy\" decoding=\"async\" width=\"1920\" height=\"1080\" src=\"https:\/\/sublicasa.com\/wp-content\/uploads\/2026\/01\/3052-5.jpg\" class=\"attachment-full size-full\" alt=\"Maison \u00e0 vendre Espagne\" srcset=\"https:\/\/sublicasa.com\/wp-content\/uploads\/2026\/01\/3052-5.jpg 1920w, https:\/\/sublicasa.com\/wp-content\/uploads\/2026\/01\/3052-5-300x169.jpg 300w, https:\/\/sublicasa.com\/wp-content\/uploads\/2026\/01\/3052-5-1024x576.jpg 1024w, https:\/\/sublicasa.com\/wp-content\/uploads\/2026\/01\/3052-5-768x432.jpg 768w, https:\/\/sublicasa.com\/wp-content\/uploads\/2026\/01\/3052-5-1536x864.jpg 1536w\" sizes=\"(max-width: 1920px) 100vw, 1920px\" \/><img loading=\"lazy\" decoding=\"async\" width=\"1920\" height=\"1080\" src=\"https:\/\/sublicasa.com\/wp-content\/uploads\/2026\/01\/3052-1.jpg\" class=\"attachment-full size-full\" alt=\"\" srcset=\"https:\/\/sublicasa.com\/wp-content\/uploads\/2026\/01\/3052-1.jpg 1920w, https:\/\/sublicasa.com\/wp-content\/uploads\/2026\/01\/3052-1-300x169.jpg 300w, https:\/\/sublicasa.com\/wp-content\/uploads\/2026\/01\/3052-1-1024x576.jpg 1024w, https:\/\/sublicasa.com\/wp-content\/uploads\/2026\/01\/3052-1-768x432.jpg 768w, https:\/\/sublicasa.com\/wp-content\/uploads\/2026\/01\/3052-1-1536x864.jpg 1536w\" sizes=\"(max-width: 1920px) 100vw, 1920px\" \/><img loading=\"lazy\" decoding=\"async\" width=\"1920\" height=\"1080\" src=\"https:\/\/sublicasa.com\/wp-content\/uploads\/2026\/01\/3052-2.jpg\" class=\"attachment-full size-full\" alt=\"\" srcset=\"https:\/\/sublicasa.com\/wp-content\/uploads\/2026\/01\/3052-2.jpg 1920w, https:\/\/sublicasa.com\/wp-content\/uploads\/2026\/01\/3052-2-300x169.jpg 300w, https:\/\/sublicasa.com\/wp-content\/uploads\/2026\/01\/3052-2-1024x576.jpg 1024w, https:\/\/sublicasa.com\/wp-content\/uploads\/2026\/01\/3052-2-768x432.jpg 768w, https:\/\/sublicasa.com\/wp-content\/uploads\/2026\/01\/3052-2-1536x864.jpg 1536w\" sizes=\"(max-width: 1920px) 100vw, 1920px\" \/><img loading=\"lazy\" decoding=\"async\" width=\"1920\" height=\"1080\" src=\"https:\/\/sublicasa.com\/wp-content\/uploads\/2026\/01\/3052-3.jpg\" class=\"attachment-full size-full\" alt=\"\" srcset=\"https:\/\/sublicasa.com\/wp-content\/uploads\/2026\/01\/3052-3.jpg 1920w, https:\/\/sublicasa.com\/wp-content\/uploads\/2026\/01\/3052-3-300x169.jpg 300w, https:\/\/sublicasa.com\/wp-content\/uploads\/2026\/01\/3052-3-1024x576.jpg 1024w, https:\/\/sublicasa.com\/wp-content\/uploads\/2026\/01\/3052-3-768x432.jpg 768w, https:\/\/sublicasa.com\/wp-content\/uploads\/2026\/01\/3052-3-1536x864.jpg 1536w\" sizes=\"(max-width: 1920px) 100vw, 1920px\" \/><img loading=\"lazy\" decoding=\"async\" width=\"1920\" height=\"1080\" src=\"https:\/\/sublicasa.com\/wp-content\/uploads\/2026\/01\/3052-4.jpg\" class=\"attachment-full size-full\" alt=\"\" srcset=\"https:\/\/sublicasa.com\/wp-content\/uploads\/2026\/01\/3052-4.jpg 1920w, https:\/\/sublicasa.com\/wp-content\/uploads\/2026\/01\/3052-4-300x169.jpg 300w, https:\/\/sublicasa.com\/wp-content\/uploads\/2026\/01\/3052-4-1024x576.jpg 1024w, https:\/\/sublicasa.com\/wp-content\/uploads\/2026\/01\/3052-4-768x432.jpg 768w, https:\/\/sublicasa.com\/wp-content\/uploads\/2026\/01\/3052-4-1536x864.jpg 1536w\" sizes=\"(max-width: 1920px) 100vw, 1920px\" \/>            <\/div>\n                                                     <div class=\"ready label\">Imm\u00e9diatement disponible<\/div>                                <div class=\"icon\">\n                    <div class=\"iconbox\">\n                                                                            <p class=\"price\">\u00e0 partir de <br> &euro; 675.000<\/p>\n                                            <\/div>\n                <\/div>\n                <div class=\"content\">\n                    <div class=\"top\">\n                    <a href=\"https:\/\/sublicasa.com\/fr\/villes\/denia\/\" class=\"locatie\"><img decoding=\"async\" src=\"https:\/\/sublicasa.com\/wp-content\/themes\/webit\/images\/icons\/marker.svg\" alt=\"\"> Denia<\/a>                    <\/div>\n                    <h4>Villa moderne pr\u00e8s de la mer et du centre de D\u00e9nia<\/h4>\n                    <div class=\"bottom\">\n                                                <div class=\"beds\"><img decoding=\"async\" src=\"https:\/\/sublicasa.com\/wp-content\/themes\/webit\/images\/icons\/bed.svg\" alt=\"\"> 3<\/div>                        <div class=\"baths\"><img decoding=\"async\" src=\"https:\/\/sublicasa.com\/wp-content\/themes\/webit\/images\/icons\/bath.svg\" alt=\"\"> 3<\/div>                        <div class=\"surface\"><img decoding=\"async\" src=\"https:\/\/sublicasa.com\/wp-content\/themes\/webit\/images\/icons\/surface.svg\" alt=\"\"> 144 &#13217;<\/div>                        <a class=\"btn\" href=\"https:\/\/sublicasa.com\/fr\/offre\/villa-moderne-pres-de-la-mer-et-du-centre-de-denia\/\">Voir le bien<\/a>                    <\/div>\n                    \n                <\/div>\n        <\/div>\n        \n            <div class=\"card\" >\n            <div class=\"slider-arrows\">\n            <button type=\"button\" class=\"slick-prev\"><svg xmlns=\"http:\/\/www.w3.org\/2000\/svg\" width=\"32\" height=\"32\" viewBox=\"0 0 32 32\">\n            <g id=\"Group_64\" data-name=\"Group 64\" transform=\"translate(-298 -1770)\">\n                <circle id=\"Ellipse_1\" data-name=\"Ellipse 1\" cx=\"16\" cy=\"16\" r=\"16\" transform=\"translate(298 1770)\" fill=\"#fff\"\/>\n                <g id=\"Icon_feather-arrow-left\" data-name=\"Icon feather-arrow-left\" transform=\"translate(301.475 1773.45)\">\n                <path id=\"Path_1\" data-name=\"Path 1\" d=\"M17.549,18H7.5\" transform=\"translate(0 -5.475)\" fill=\"none\" stroke=\"#36a9e1\" stroke-linecap=\"round\" stroke-linejoin=\"round\" stroke-width=\"1.5\"\/>\n                <path id=\"Path_2\" data-name=\"Path 2\" d=\"M12.525,17.549,7.5,12.525,12.525,7.5\" fill=\"none\" stroke=\"#36a9e1\" stroke-linecap=\"round\" stroke-linejoin=\"round\" stroke-width=\"1.5\"\/>\n                <\/g>\n            <\/g>\n            <\/svg>\n            <\/button>\n                        <button type=\"button\" class=\"slick-next\"><svg xmlns=\"http:\/\/www.w3.org\/2000\/svg\" width=\"32\" height=\"32\" viewBox=\"0 0 32 32\">\n            <g id=\"Group_49\" data-name=\"Group 49\" transform=\"translate(330 1802) rotate(180)\">\n                <circle id=\"Ellipse_1\" data-name=\"Ellipse 1\" cx=\"16\" cy=\"16\" r=\"16\" transform=\"translate(298 1770)\" fill=\"#fff\"\/>\n                <g id=\"Icon_feather-arrow-left\" data-name=\"Icon feather-arrow-left\" transform=\"translate(301.475 1773.45)\">\n                <path id=\"Path_1\" data-name=\"Path 1\" d=\"M17.549,18H7.5\" transform=\"translate(0 -5.475)\" fill=\"none\" stroke=\"#36a9e1\" stroke-linecap=\"round\" stroke-linejoin=\"round\" stroke-width=\"1.5\"\/>\n                <path id=\"Path_2\" data-name=\"Path 2\" d=\"M12.525,17.549,7.5,12.525,12.525,7.5\" fill=\"none\" stroke=\"#36a9e1\" stroke-linecap=\"round\" stroke-linejoin=\"round\" stroke-width=\"1.5\"\/>\n                <\/g>\n            <\/g>\n            <\/svg>\n            <\/button>\n            <\/div>\n            <a href=\"https:\/\/sublicasa.com\/fr\/offre\/maisons-mitoyennes-a-200-m-de-la-plage\/\" class=\"fullLink\"><\/a>\n            <div class=\"card-slider\">\n                <img loading=\"lazy\" decoding=\"async\" width=\"1920\" height=\"1080\" src=\"https:\/\/sublicasa.com\/wp-content\/uploads\/2026\/01\/3015-2.jpg\" class=\"attachment-full size-full\" alt=\"Maison \u00e0 vendre Espagne\" srcset=\"https:\/\/sublicasa.com\/wp-content\/uploads\/2026\/01\/3015-2.jpg 1920w, https:\/\/sublicasa.com\/wp-content\/uploads\/2026\/01\/3015-2-300x169.jpg 300w, https:\/\/sublicasa.com\/wp-content\/uploads\/2026\/01\/3015-2-1024x576.jpg 1024w, https:\/\/sublicasa.com\/wp-content\/uploads\/2026\/01\/3015-2-768x432.jpg 768w, https:\/\/sublicasa.com\/wp-content\/uploads\/2026\/01\/3015-2-1536x864.jpg 1536w\" sizes=\"(max-width: 1920px) 100vw, 1920px\" \/><img loading=\"lazy\" decoding=\"async\" width=\"1920\" height=\"1080\" src=\"https:\/\/sublicasa.com\/wp-content\/uploads\/2026\/01\/3015-6.jpg\" class=\"attachment-full size-full\" alt=\"\" srcset=\"https:\/\/sublicasa.com\/wp-content\/uploads\/2026\/01\/3015-6.jpg 1920w, https:\/\/sublicasa.com\/wp-content\/uploads\/2026\/01\/3015-6-300x169.jpg 300w, https:\/\/sublicasa.com\/wp-content\/uploads\/2026\/01\/3015-6-1024x576.jpg 1024w, https:\/\/sublicasa.com\/wp-content\/uploads\/2026\/01\/3015-6-768x432.jpg 768w, https:\/\/sublicasa.com\/wp-content\/uploads\/2026\/01\/3015-6-1536x864.jpg 1536w\" sizes=\"(max-width: 1920px) 100vw, 1920px\" \/><img loading=\"lazy\" decoding=\"async\" width=\"1920\" height=\"1080\" src=\"https:\/\/sublicasa.com\/wp-content\/uploads\/2026\/01\/3015-5.jpg\" class=\"attachment-full size-full\" alt=\"\" srcset=\"https:\/\/sublicasa.com\/wp-content\/uploads\/2026\/01\/3015-5.jpg 1920w, https:\/\/sublicasa.com\/wp-content\/uploads\/2026\/01\/3015-5-300x169.jpg 300w, https:\/\/sublicasa.com\/wp-content\/uploads\/2026\/01\/3015-5-1024x576.jpg 1024w, https:\/\/sublicasa.com\/wp-content\/uploads\/2026\/01\/3015-5-768x432.jpg 768w, https:\/\/sublicasa.com\/wp-content\/uploads\/2026\/01\/3015-5-1536x864.jpg 1536w\" sizes=\"(max-width: 1920px) 100vw, 1920px\" \/><img loading=\"lazy\" decoding=\"async\" width=\"1920\" height=\"1080\" src=\"https:\/\/sublicasa.com\/wp-content\/uploads\/2026\/01\/3015-3.jpg\" class=\"attachment-full size-full\" alt=\"\" srcset=\"https:\/\/sublicasa.com\/wp-content\/uploads\/2026\/01\/3015-3.jpg 1920w, https:\/\/sublicasa.com\/wp-content\/uploads\/2026\/01\/3015-3-300x169.jpg 300w, https:\/\/sublicasa.com\/wp-content\/uploads\/2026\/01\/3015-3-1024x576.jpg 1024w, https:\/\/sublicasa.com\/wp-content\/uploads\/2026\/01\/3015-3-768x432.jpg 768w, https:\/\/sublicasa.com\/wp-content\/uploads\/2026\/01\/3015-3-1536x864.jpg 1536w\" sizes=\"(max-width: 1920px) 100vw, 1920px\" \/><img loading=\"lazy\" decoding=\"async\" width=\"1920\" height=\"1080\" src=\"https:\/\/sublicasa.com\/wp-content\/uploads\/2026\/01\/3015-1.jpg\" class=\"attachment-full size-full\" alt=\"\" srcset=\"https:\/\/sublicasa.com\/wp-content\/uploads\/2026\/01\/3015-1.jpg 1920w, https:\/\/sublicasa.com\/wp-content\/uploads\/2026\/01\/3015-1-300x169.jpg 300w, https:\/\/sublicasa.com\/wp-content\/uploads\/2026\/01\/3015-1-1024x576.jpg 1024w, https:\/\/sublicasa.com\/wp-content\/uploads\/2026\/01\/3015-1-768x432.jpg 768w, https:\/\/sublicasa.com\/wp-content\/uploads\/2026\/01\/3015-1-1536x864.jpg 1536w\" sizes=\"(max-width: 1920px) 100vw, 1920px\" \/><img loading=\"lazy\" decoding=\"async\" width=\"1920\" height=\"1080\" src=\"https:\/\/sublicasa.com\/wp-content\/uploads\/2026\/01\/3015-4.jpg\" class=\"attachment-full size-full\" alt=\"\" srcset=\"https:\/\/sublicasa.com\/wp-content\/uploads\/2026\/01\/3015-4.jpg 1920w, https:\/\/sublicasa.com\/wp-content\/uploads\/2026\/01\/3015-4-300x169.jpg 300w, https:\/\/sublicasa.com\/wp-content\/uploads\/2026\/01\/3015-4-1024x576.jpg 1024w, https:\/\/sublicasa.com\/wp-content\/uploads\/2026\/01\/3015-4-768x432.jpg 768w, https:\/\/sublicasa.com\/wp-content\/uploads\/2026\/01\/3015-4-1536x864.jpg 1536w\" sizes=\"(max-width: 1920px) 100vw, 1920px\" \/>            <\/div>\n                                                                 <div class=\"icon\">\n                    <div class=\"iconbox\">\n                                                                            <p class=\"price\">\u00e0 partir de <br> &euro; 510.000<\/p>\n                                            <\/div>\n                <\/div>\n                <div class=\"content\">\n                    <div class=\"top\">\n                    <a href=\"https:\/\/sublicasa.com\/fr\/villes\/denia\/\" class=\"locatie\"><img decoding=\"async\" src=\"https:\/\/sublicasa.com\/wp-content\/themes\/webit\/images\/icons\/marker.svg\" alt=\"\"> Denia<\/a>                    <\/div>\n                    <h4>Maisons mitoyennes \u00e0 200 m de la plage<\/h4>\n                    <div class=\"bottom\">\n                                                <div class=\"beds\"><img decoding=\"async\" src=\"https:\/\/sublicasa.com\/wp-content\/themes\/webit\/images\/icons\/bed.svg\" alt=\"\"> 3<\/div>                        <div class=\"baths\"><img decoding=\"async\" src=\"https:\/\/sublicasa.com\/wp-content\/themes\/webit\/images\/icons\/bath.svg\" alt=\"\"> 2<\/div>                        <div class=\"surface\"><img decoding=\"async\" src=\"https:\/\/sublicasa.com\/wp-content\/themes\/webit\/images\/icons\/surface.svg\" alt=\"\"> 129 &#13217;<\/div>                        <a class=\"btn\" href=\"https:\/\/sublicasa.com\/fr\/offre\/maisons-mitoyennes-a-200-m-de-la-plage\/\">Voir le bien<\/a>                    <\/div>\n                    \n                <\/div>\n        <\/div>\n        \n    <\/div>\n<div class=\"pandregio-slider-arrows\">\n                    <button type=\"button\" class=\"slick-prev\"><svg xmlns=\"http:\/\/www.w3.org\/2000\/svg\" width=\"32\" height=\"32\" viewBox=\"0 0 32 32\">\n                    <g id=\"Group_64\" data-name=\"Group 64\" transform=\"translate(-298 -1770)\">\n                        <circle id=\"Ellipse_1\" data-name=\"Ellipse 1\" cx=\"16\" cy=\"16\" r=\"16\" transform=\"translate(298 1770)\" fill=\"#35A9E1\"\/>\n                        <g id=\"Icon_feather-arrow-left\" data-name=\"Icon feather-arrow-left\" transform=\"translate(301.475 1773.45)\">\n                        <path id=\"Path_1\" data-name=\"Path 1\" d=\"M17.549,18H7.5\" transform=\"translate(0 -5.475)\" fill=\"none\" stroke=\"#fff\" stroke-linecap=\"round\" stroke-linejoin=\"round\" stroke-width=\"1.5\"\/>\n                        <path id=\"Path_2\" data-name=\"Path 2\" d=\"M12.525,17.549,7.5,12.525,12.525,7.5\" fill=\"none\" stroke=\"#fff\" stroke-linecap=\"round\" stroke-linejoin=\"round\" stroke-width=\"1.5\"\/>\n                        <\/g>\n                    <\/g>\n                    <\/svg>\n                    <\/button>\n                                <button type=\"button\" class=\"slick-next\"><svg xmlns=\"http:\/\/www.w3.org\/2000\/svg\" width=\"32\" height=\"32\" viewBox=\"0 0 32 32\">\n                    <g id=\"Group_49\" data-name=\"Group 49\" transform=\"translate(330 1802) rotate(180)\">\n                        <circle id=\"Ellipse_1\" data-name=\"Ellipse 1\" cx=\"16\" cy=\"16\" r=\"16\" transform=\"translate(298 1770)\" fill=\"#35A9E1\"\/>\n                        <g id=\"Icon_feather-arrow-left\" data-name=\"Icon feather-arrow-left\" transform=\"translate(301.475 1773.45)\">\n                        <path id=\"Path_1\" data-name=\"Path 1\" d=\"M17.549,18H7.5\" transform=\"translate(0 -5.475)\" fill=\"none\" stroke=\"#fff\" stroke-linecap=\"round\" stroke-linejoin=\"round\" stroke-width=\"1.5\"\/>\n                        <path id=\"Path_2\" data-name=\"Path 2\" d=\"M12.525,17.549,7.5,12.525,12.525,7.5\" fill=\"none\" stroke=\"#fff\" stroke-linecap=\"round\" stroke-linejoin=\"round\" stroke-width=\"1.5\"\/>\n                        <\/g>\n                    <\/g>\n                    <\/svg>\n                    <\/button>\n            <\/div>\n<\/section>    \n\n\n\n\n        <section class=\"steden-block\">\n            <div class=\"containerBig\">\n                <div class=\"title\">\n                    <h2>D\u00e9couvrez les villes de la Costa Blanca Nord<\/h2>                <\/div>\n                <div class=\"steden-grid\">\n                                            <a href=\"https:\/\/sublicasa.com\/fr\/villes\/albir-2\/?id=26938\" class=\"stad\">\n                            <img loading=\"lazy\" decoding=\"async\" width=\"1920\" height=\"1080\" src=\"https:\/\/sublicasa.com\/wp-content\/uploads\/2024\/09\/4.jpg\" class=\"attachment-post-thumbnail size-post-thumbnail wp-post-image\" alt=\"\" srcset=\"https:\/\/sublicasa.com\/wp-content\/uploads\/2024\/09\/4.jpg 1920w, https:\/\/sublicasa.com\/wp-content\/uploads\/2024\/09\/4-300x169.jpg 300w, https:\/\/sublicasa.com\/wp-content\/uploads\/2024\/09\/4-1024x576.jpg 1024w, https:\/\/sublicasa.com\/wp-content\/uploads\/2024\/09\/4-768x432.jpg 768w, https:\/\/sublicasa.com\/wp-content\/uploads\/2024\/09\/4-1536x864.jpg 1536w\" sizes=\"(max-width: 1920px) 100vw, 1920px\" \/>                            <p>Albir<\/p>\n                        <\/a>\n                                            <a href=\"https:\/\/sublicasa.com\/fr\/villes\/alfaz-del-pi\/?id=26941\" class=\"stad\">\n                            <img loading=\"lazy\" decoding=\"async\" width=\"1920\" height=\"1080\" src=\"https:\/\/sublicasa.com\/wp-content\/uploads\/2024\/09\/Alfaz-del-Pi.jpg\" class=\"attachment-post-thumbnail size-post-thumbnail wp-post-image\" alt=\"\" srcset=\"https:\/\/sublicasa.com\/wp-content\/uploads\/2024\/09\/Alfaz-del-Pi.jpg 1920w, https:\/\/sublicasa.com\/wp-content\/uploads\/2024\/09\/Alfaz-del-Pi-300x169.jpg 300w, https:\/\/sublicasa.com\/wp-content\/uploads\/2024\/09\/Alfaz-del-Pi-1024x576.jpg 1024w, https:\/\/sublicasa.com\/wp-content\/uploads\/2024\/09\/Alfaz-del-Pi-768x432.jpg 768w, https:\/\/sublicasa.com\/wp-content\/uploads\/2024\/09\/Alfaz-del-Pi-1536x864.jpg 1536w\" sizes=\"(max-width: 1920px) 100vw, 1920px\" \/>                            <p>Alfaz del Pi<\/p>\n                        <\/a>\n                                            <a href=\"https:\/\/sublicasa.com\/fr\/villes\/alicante-2\/?id=26943\" class=\"stad\">\n                            <img loading=\"lazy\" decoding=\"async\" width=\"398\" height=\"345\" src=\"https:\/\/sublicasa.com\/wp-content\/uploads\/2024\/09\/Alicante.png\" class=\"attachment-post-thumbnail size-post-thumbnail wp-post-image\" alt=\"\" srcset=\"https:\/\/sublicasa.com\/wp-content\/uploads\/2024\/09\/Alicante.png 398w, https:\/\/sublicasa.com\/wp-content\/uploads\/2024\/09\/Alicante-300x260.png 300w\" sizes=\"(max-width: 398px) 100vw, 398px\" \/>                            <p>Alicante<\/p>\n                        <\/a>\n                                            <a href=\"https:\/\/sublicasa.com\/fr\/villes\/altea-2\/?id=26946\" class=\"stad\">\n                            <img loading=\"lazy\" decoding=\"async\" width=\"1920\" height=\"1080\" src=\"https:\/\/sublicasa.com\/wp-content\/uploads\/2024\/09\/Altea.jpg\" class=\"attachment-post-thumbnail size-post-thumbnail wp-post-image\" alt=\"\" srcset=\"https:\/\/sublicasa.com\/wp-content\/uploads\/2024\/09\/Altea.jpg 1920w, https:\/\/sublicasa.com\/wp-content\/uploads\/2024\/09\/Altea-300x169.jpg 300w, https:\/\/sublicasa.com\/wp-content\/uploads\/2024\/09\/Altea-1024x576.jpg 1024w, https:\/\/sublicasa.com\/wp-content\/uploads\/2024\/09\/Altea-768x432.jpg 768w, https:\/\/sublicasa.com\/wp-content\/uploads\/2024\/09\/Altea-1536x864.jpg 1536w\" sizes=\"(max-width: 1920px) 100vw, 1920px\" \/>                            <p>Altea<\/p>\n                        <\/a>\n                                            <a href=\"https:\/\/sublicasa.com\/fr\/villes\/benidorm-2\/?id=26948\" class=\"stad\">\n                            <img loading=\"lazy\" decoding=\"async\" width=\"1920\" height=\"1080\" src=\"https:\/\/sublicasa.com\/wp-content\/uploads\/2024\/09\/Benidorm.jpg\" class=\"attachment-post-thumbnail size-post-thumbnail wp-post-image\" alt=\"\" srcset=\"https:\/\/sublicasa.com\/wp-content\/uploads\/2024\/09\/Benidorm.jpg 1920w, https:\/\/sublicasa.com\/wp-content\/uploads\/2024\/09\/Benidorm-300x169.jpg 300w, https:\/\/sublicasa.com\/wp-content\/uploads\/2024\/09\/Benidorm-1024x576.jpg 1024w, https:\/\/sublicasa.com\/wp-content\/uploads\/2024\/09\/Benidorm-768x432.jpg 768w, https:\/\/sublicasa.com\/wp-content\/uploads\/2024\/09\/Benidorm-1536x864.jpg 1536w\" sizes=\"(max-width: 1920px) 100vw, 1920px\" \/>                            <p>Benidorm<\/p>\n                        <\/a>\n                                            <a href=\"https:\/\/sublicasa.com\/fr\/villes\/benissa\/?id=26950\" class=\"stad\">\n                            <img loading=\"lazy\" decoding=\"async\" width=\"406\" height=\"229\" src=\"https:\/\/sublicasa.com\/wp-content\/uploads\/2024\/09\/Benissa-plaza-de-la-iglesia.jpg\" class=\"attachment-post-thumbnail size-post-thumbnail wp-post-image\" alt=\"\" srcset=\"https:\/\/sublicasa.com\/wp-content\/uploads\/2024\/09\/Benissa-plaza-de-la-iglesia.jpg 406w, https:\/\/sublicasa.com\/wp-content\/uploads\/2024\/09\/Benissa-plaza-de-la-iglesia-300x169.jpg 300w\" sizes=\"(max-width: 406px) 100vw, 406px\" \/>                            <p>Benissa<\/p>\n                        <\/a>\n                                            <a href=\"https:\/\/sublicasa.com\/fr\/villes\/benitachell\/?id=26952\" class=\"stad\">\n                            <img loading=\"lazy\" decoding=\"async\" width=\"1200\" height=\"889\" src=\"https:\/\/sublicasa.com\/wp-content\/uploads\/2024\/09\/Playa_del_Moraig.jpg\" class=\"attachment-post-thumbnail size-post-thumbnail wp-post-image\" alt=\"\" srcset=\"https:\/\/sublicasa.com\/wp-content\/uploads\/2024\/09\/Playa_del_Moraig.jpg 1200w, https:\/\/sublicasa.com\/wp-content\/uploads\/2024\/09\/Playa_del_Moraig-300x222.jpg 300w, https:\/\/sublicasa.com\/wp-content\/uploads\/2024\/09\/Playa_del_Moraig-1024x759.jpg 1024w, https:\/\/sublicasa.com\/wp-content\/uploads\/2024\/09\/Playa_del_Moraig-768x569.jpg 768w\" sizes=\"(max-width: 1200px) 100vw, 1200px\" \/>                            <p>Benitachell<\/p>\n                        <\/a>\n                                            <a href=\"https:\/\/sublicasa.com\/fr\/villes\/busot\/?id=26954\" class=\"stad\">\n                            <img loading=\"lazy\" decoding=\"async\" width=\"675\" height=\"390\" src=\"https:\/\/sublicasa.com\/wp-content\/uploads\/2024\/09\/Busot.jpg\" class=\"attachment-post-thumbnail size-post-thumbnail wp-post-image\" alt=\"\" srcset=\"https:\/\/sublicasa.com\/wp-content\/uploads\/2024\/09\/Busot.jpg 675w, https:\/\/sublicasa.com\/wp-content\/uploads\/2024\/09\/Busot-300x173.jpg 300w\" sizes=\"(max-width: 675px) 100vw, 675px\" \/>                            <p>Busot<\/p>\n                        <\/a>\n                                            <a href=\"https:\/\/sublicasa.com\/fr\/villes\/calpe-2\/?id=26956\" class=\"stad\">\n                            <img loading=\"lazy\" decoding=\"async\" width=\"1920\" height=\"1080\" src=\"https:\/\/sublicasa.com\/wp-content\/uploads\/2024\/09\/Calpe-15.jpg\" class=\"attachment-post-thumbnail size-post-thumbnail wp-post-image\" alt=\"\" srcset=\"https:\/\/sublicasa.com\/wp-content\/uploads\/2024\/09\/Calpe-15.jpg 1920w, https:\/\/sublicasa.com\/wp-content\/uploads\/2024\/09\/Calpe-15-300x169.jpg 300w, https:\/\/sublicasa.com\/wp-content\/uploads\/2024\/09\/Calpe-15-1024x576.jpg 1024w, https:\/\/sublicasa.com\/wp-content\/uploads\/2024\/09\/Calpe-15-768x432.jpg 768w, https:\/\/sublicasa.com\/wp-content\/uploads\/2024\/09\/Calpe-15-1536x864.jpg 1536w\" sizes=\"(max-width: 1920px) 100vw, 1920px\" \/>                            <p>Calpe<\/p>\n                        <\/a>\n                                            <a href=\"https:\/\/sublicasa.com\/fr\/villes\/castalla\/?id=32421\" class=\"stad\">\n                            <img loading=\"lazy\" decoding=\"async\" width=\"1920\" height=\"1080\" src=\"https:\/\/sublicasa.com\/wp-content\/uploads\/2024\/12\/Castalla_panoramicaCastillo.jpg\" class=\"attachment-post-thumbnail size-post-thumbnail wp-post-image\" alt=\"\" srcset=\"https:\/\/sublicasa.com\/wp-content\/uploads\/2024\/12\/Castalla_panoramicaCastillo.jpg 1920w, https:\/\/sublicasa.com\/wp-content\/uploads\/2024\/12\/Castalla_panoramicaCastillo-300x169.jpg 300w, https:\/\/sublicasa.com\/wp-content\/uploads\/2024\/12\/Castalla_panoramicaCastillo-1024x576.jpg 1024w, https:\/\/sublicasa.com\/wp-content\/uploads\/2024\/12\/Castalla_panoramicaCastillo-768x432.jpg 768w, https:\/\/sublicasa.com\/wp-content\/uploads\/2024\/12\/Castalla_panoramicaCastillo-1536x864.jpg 1536w\" sizes=\"(max-width: 1920px) 100vw, 1920px\" \/>                            <p>Castalla<\/p>\n                        <\/a>\n                                            <a href=\"https:\/\/sublicasa.com\/fr\/villes\/cumbre-del-sol\/?id=26958\" class=\"stad\">\n                            <img loading=\"lazy\" decoding=\"async\" width=\"1920\" height=\"1080\" src=\"https:\/\/sublicasa.com\/wp-content\/uploads\/2024\/09\/Cumbre-del-Sol-5.jpg\" class=\"attachment-post-thumbnail size-post-thumbnail wp-post-image\" alt=\"\" srcset=\"https:\/\/sublicasa.com\/wp-content\/uploads\/2024\/09\/Cumbre-del-Sol-5.jpg 1920w, https:\/\/sublicasa.com\/wp-content\/uploads\/2024\/09\/Cumbre-del-Sol-5-300x169.jpg 300w, https:\/\/sublicasa.com\/wp-content\/uploads\/2024\/09\/Cumbre-del-Sol-5-1024x576.jpg 1024w, https:\/\/sublicasa.com\/wp-content\/uploads\/2024\/09\/Cumbre-del-Sol-5-768x432.jpg 768w, https:\/\/sublicasa.com\/wp-content\/uploads\/2024\/09\/Cumbre-del-Sol-5-1536x864.jpg 1536w\" sizes=\"(max-width: 1920px) 100vw, 1920px\" \/>                            <p>Cumbre del Sol<\/p>\n                        <\/a>\n                                            <a href=\"https:\/\/sublicasa.com\/fr\/villes\/el-campello-2\/?id=26962\" class=\"stad\">\n                            <img loading=\"lazy\" decoding=\"async\" width=\"1000\" height=\"667\" src=\"https:\/\/sublicasa.com\/wp-content\/uploads\/2024\/09\/El-Campello-boulevard.jpg\" class=\"attachment-post-thumbnail size-post-thumbnail wp-post-image\" alt=\"\" srcset=\"https:\/\/sublicasa.com\/wp-content\/uploads\/2024\/09\/El-Campello-boulevard.jpg 1000w, https:\/\/sublicasa.com\/wp-content\/uploads\/2024\/09\/El-Campello-boulevard-300x200.jpg 300w, https:\/\/sublicasa.com\/wp-content\/uploads\/2024\/09\/El-Campello-boulevard-768x512.jpg 768w\" sizes=\"(max-width: 1000px) 100vw, 1000px\" \/>                            <p>El Campello<\/p>\n                        <\/a>\n                                            <a href=\"https:\/\/sublicasa.com\/fr\/villes\/el-verger\/?id=26964\" class=\"stad\">\n                            <img loading=\"lazy\" decoding=\"async\" width=\"500\" height=\"300\" src=\"https:\/\/sublicasa.com\/wp-content\/uploads\/2024\/09\/El-Verger.jpg\" class=\"attachment-post-thumbnail size-post-thumbnail wp-post-image\" alt=\"\" srcset=\"https:\/\/sublicasa.com\/wp-content\/uploads\/2024\/09\/El-Verger.jpg 500w, https:\/\/sublicasa.com\/wp-content\/uploads\/2024\/09\/El-Verger-300x180.jpg 300w\" sizes=\"(max-width: 500px) 100vw, 500px\" \/>                            <p>El Verger<\/p>\n                        <\/a>\n                                            <a href=\"https:\/\/sublicasa.com\/fr\/villes\/elche\/?id=26966\" class=\"stad\">\n                            <img loading=\"lazy\" decoding=\"async\" width=\"1920\" height=\"1080\" src=\"https:\/\/sublicasa.com\/wp-content\/uploads\/2024\/09\/Palmtrees-Elche.jpg\" class=\"attachment-post-thumbnail size-post-thumbnail wp-post-image\" alt=\"\" srcset=\"https:\/\/sublicasa.com\/wp-content\/uploads\/2024\/09\/Palmtrees-Elche.jpg 1920w, https:\/\/sublicasa.com\/wp-content\/uploads\/2024\/09\/Palmtrees-Elche-300x169.jpg 300w, https:\/\/sublicasa.com\/wp-content\/uploads\/2024\/09\/Palmtrees-Elche-1024x576.jpg 1024w, https:\/\/sublicasa.com\/wp-content\/uploads\/2024\/09\/Palmtrees-Elche-768x432.jpg 768w, https:\/\/sublicasa.com\/wp-content\/uploads\/2024\/09\/Palmtrees-Elche-1536x864.jpg 1536w\" sizes=\"(max-width: 1920px) 100vw, 1920px\" \/>                            <p>Elche<\/p>\n                        <\/a>\n                                            <a href=\"https:\/\/sublicasa.com\/fr\/villes\/els-poblets\/?id=26968\" class=\"stad\">\n                            <img loading=\"lazy\" decoding=\"async\" width=\"1920\" height=\"1080\" src=\"https:\/\/sublicasa.com\/wp-content\/uploads\/2024\/09\/Els-Poblets.jpg\" class=\"attachment-post-thumbnail size-post-thumbnail wp-post-image\" alt=\"\" srcset=\"https:\/\/sublicasa.com\/wp-content\/uploads\/2024\/09\/Els-Poblets.jpg 1920w, https:\/\/sublicasa.com\/wp-content\/uploads\/2024\/09\/Els-Poblets-300x169.jpg 300w, https:\/\/sublicasa.com\/wp-content\/uploads\/2024\/09\/Els-Poblets-1024x576.jpg 1024w, https:\/\/sublicasa.com\/wp-content\/uploads\/2024\/09\/Els-Poblets-768x432.jpg 768w, https:\/\/sublicasa.com\/wp-content\/uploads\/2024\/09\/Els-Poblets-1536x864.jpg 1536w\" sizes=\"(max-width: 1920px) 100vw, 1920px\" \/>                            <p>Els Poblets<\/p>\n                        <\/a>\n                                            <a href=\"https:\/\/sublicasa.com\/fr\/villes\/finestrat\/?id=26970\" class=\"stad\">\n                            <img loading=\"lazy\" decoding=\"async\" width=\"1440\" height=\"1081\" src=\"https:\/\/sublicasa.com\/wp-content\/uploads\/2024\/08\/playa.jpg\" class=\"attachment-post-thumbnail size-post-thumbnail wp-post-image\" alt=\"\" srcset=\"https:\/\/sublicasa.com\/wp-content\/uploads\/2024\/08\/playa.jpg 1440w, https:\/\/sublicasa.com\/wp-content\/uploads\/2024\/08\/playa-300x225.jpg 300w, https:\/\/sublicasa.com\/wp-content\/uploads\/2024\/08\/playa-1024x769.jpg 1024w, https:\/\/sublicasa.com\/wp-content\/uploads\/2024\/08\/playa-768x577.jpg 768w\" sizes=\"(max-width: 1440px) 100vw, 1440px\" \/>                            <p>Finestrat<\/p>\n                        <\/a>\n                                            <a href=\"https:\/\/sublicasa.com\/fr\/villes\/javea-2\/?id=26972\" class=\"stad\">\n                            <img loading=\"lazy\" decoding=\"async\" width=\"1920\" height=\"1080\" src=\"https:\/\/sublicasa.com\/wp-content\/uploads\/2024\/09\/Javea-3.jpg\" class=\"attachment-post-thumbnail size-post-thumbnail wp-post-image\" alt=\"\" srcset=\"https:\/\/sublicasa.com\/wp-content\/uploads\/2024\/09\/Javea-3.jpg 1920w, https:\/\/sublicasa.com\/wp-content\/uploads\/2024\/09\/Javea-3-300x169.jpg 300w, https:\/\/sublicasa.com\/wp-content\/uploads\/2024\/09\/Javea-3-1024x576.jpg 1024w, https:\/\/sublicasa.com\/wp-content\/uploads\/2024\/09\/Javea-3-768x432.jpg 768w, https:\/\/sublicasa.com\/wp-content\/uploads\/2024\/09\/Javea-3-1536x864.jpg 1536w\" sizes=\"(max-width: 1920px) 100vw, 1920px\" \/>                            <p>Javea<\/p>\n                        <\/a>\n                                            <a href=\"https:\/\/sublicasa.com\/fr\/villes\/la-nucia\/?id=26974\" class=\"stad\">\n                            <img loading=\"lazy\" decoding=\"async\" width=\"675\" height=\"390\" src=\"https:\/\/sublicasa.com\/wp-content\/uploads\/2024\/09\/La-Nucia-2.jpeg\" class=\"attachment-post-thumbnail size-post-thumbnail wp-post-image\" alt=\"\" srcset=\"https:\/\/sublicasa.com\/wp-content\/uploads\/2024\/09\/La-Nucia-2.jpeg 675w, https:\/\/sublicasa.com\/wp-content\/uploads\/2024\/09\/La-Nucia-2-300x173.jpeg 300w\" sizes=\"(max-width: 675px) 100vw, 675px\" \/>                            <p>La Nucia<\/p>\n                        <\/a>\n                                            <a href=\"https:\/\/sublicasa.com\/fr\/villes\/monforte-del-cid\/?id=26976\" class=\"stad\">\n                            <img loading=\"lazy\" decoding=\"async\" width=\"675\" height=\"390\" src=\"https:\/\/sublicasa.com\/wp-content\/uploads\/2024\/09\/Monforte-del-Cid.jpg\" class=\"attachment-post-thumbnail size-post-thumbnail wp-post-image\" alt=\"\" srcset=\"https:\/\/sublicasa.com\/wp-content\/uploads\/2024\/09\/Monforte-del-Cid.jpg 675w, https:\/\/sublicasa.com\/wp-content\/uploads\/2024\/09\/Monforte-del-Cid-300x173.jpg 300w\" sizes=\"(max-width: 675px) 100vw, 675px\" \/>                            <p>Monforte del Cid<\/p>\n                        <\/a>\n                                            <a href=\"https:\/\/sublicasa.com\/fr\/villes\/moraira-2\/?id=26979\" class=\"stad\">\n                            <img loading=\"lazy\" decoding=\"async\" width=\"1456\" height=\"971\" src=\"https:\/\/sublicasa.com\/wp-content\/uploads\/2024\/09\/moraira7.jpg\" class=\"attachment-post-thumbnail size-post-thumbnail wp-post-image\" alt=\"\" srcset=\"https:\/\/sublicasa.com\/wp-content\/uploads\/2024\/09\/moraira7.jpg 1456w, https:\/\/sublicasa.com\/wp-content\/uploads\/2024\/09\/moraira7-300x200.jpg 300w, https:\/\/sublicasa.com\/wp-content\/uploads\/2024\/09\/moraira7-1024x683.jpg 1024w, https:\/\/sublicasa.com\/wp-content\/uploads\/2024\/09\/moraira7-768x512.jpg 768w\" sizes=\"(max-width: 1456px) 100vw, 1456px\" \/>                            <p>Moraira<\/p>\n                        <\/a>\n                                            <a href=\"https:\/\/sublicasa.com\/fr\/villes\/mutxamel\/?id=26981\" class=\"stad\">\n                            <img loading=\"lazy\" decoding=\"async\" width=\"1024\" height=\"768\" src=\"https:\/\/sublicasa.com\/wp-content\/uploads\/2024\/09\/mutxamel-alicante.jpg\" class=\"attachment-post-thumbnail size-post-thumbnail wp-post-image\" alt=\"\" srcset=\"https:\/\/sublicasa.com\/wp-content\/uploads\/2024\/09\/mutxamel-alicante.jpg 1024w, https:\/\/sublicasa.com\/wp-content\/uploads\/2024\/09\/mutxamel-alicante-300x225.jpg 300w, https:\/\/sublicasa.com\/wp-content\/uploads\/2024\/09\/mutxamel-alicante-768x576.jpg 768w\" sizes=\"(max-width: 1024px) 100vw, 1024px\" \/>                            <p>Mutxamel<\/p>\n                        <\/a>\n                                            <a href=\"https:\/\/sublicasa.com\/fr\/villes\/orxeta\/?id=26983\" class=\"stad\">\n                            <img loading=\"lazy\" decoding=\"async\" width=\"675\" height=\"390\" src=\"https:\/\/sublicasa.com\/wp-content\/uploads\/2024\/09\/Orxeta.jpg\" class=\"attachment-post-thumbnail size-post-thumbnail wp-post-image\" alt=\"\" srcset=\"https:\/\/sublicasa.com\/wp-content\/uploads\/2024\/09\/Orxeta.jpg 675w, https:\/\/sublicasa.com\/wp-content\/uploads\/2024\/09\/Orxeta-300x173.jpg 300w\" sizes=\"(max-width: 675px) 100vw, 675px\" \/>                            <p>Orxeta<\/p>\n                        <\/a>\n                                            <a href=\"https:\/\/sublicasa.com\/fr\/villes\/pedreguer\/?id=26985\" class=\"stad\">\n                            <img loading=\"lazy\" decoding=\"async\" width=\"675\" height=\"390\" src=\"https:\/\/sublicasa.com\/wp-content\/uploads\/2024\/09\/Pedreguer.jpg\" class=\"attachment-post-thumbnail size-post-thumbnail wp-post-image\" alt=\"\" srcset=\"https:\/\/sublicasa.com\/wp-content\/uploads\/2024\/09\/Pedreguer.jpg 675w, https:\/\/sublicasa.com\/wp-content\/uploads\/2024\/09\/Pedreguer-300x173.jpg 300w\" sizes=\"(max-width: 675px) 100vw, 675px\" \/>                            <p>Pedreguer<\/p>\n                        <\/a>\n                                            <a href=\"https:\/\/sublicasa.com\/fr\/villes\/penaguila\/?id=50850\" class=\"stad\">\n                            <img loading=\"lazy\" decoding=\"async\" width=\"720\" height=\"540\" src=\"https:\/\/sublicasa.com\/wp-content\/uploads\/2025\/08\/Penaguila.jpg\" class=\"attachment-post-thumbnail size-post-thumbnail wp-post-image\" alt=\"\" srcset=\"https:\/\/sublicasa.com\/wp-content\/uploads\/2025\/08\/Penaguila.jpg 720w, https:\/\/sublicasa.com\/wp-content\/uploads\/2025\/08\/Penaguila-300x225.jpg 300w\" sizes=\"(max-width: 720px) 100vw, 720px\" \/>                            <p>Penaguila<\/p>\n                        <\/a>\n                                            <a href=\"https:\/\/sublicasa.com\/fr\/villes\/polop\/?id=26987\" class=\"stad\">\n                            <img loading=\"lazy\" decoding=\"async\" width=\"1920\" height=\"1080\" src=\"https:\/\/sublicasa.com\/wp-content\/uploads\/2024\/09\/2.jpg\" class=\"attachment-post-thumbnail size-post-thumbnail wp-post-image\" alt=\"\" srcset=\"https:\/\/sublicasa.com\/wp-content\/uploads\/2024\/09\/2.jpg 1920w, https:\/\/sublicasa.com\/wp-content\/uploads\/2024\/09\/2-300x169.jpg 300w, https:\/\/sublicasa.com\/wp-content\/uploads\/2024\/09\/2-1024x576.jpg 1024w, https:\/\/sublicasa.com\/wp-content\/uploads\/2024\/09\/2-768x432.jpg 768w, https:\/\/sublicasa.com\/wp-content\/uploads\/2024\/09\/2-1536x864.jpg 1536w\" sizes=\"(max-width: 1920px) 100vw, 1920px\" \/>                            <p>Polop<\/p>\n                        <\/a>\n                                            <a href=\"https:\/\/sublicasa.com\/fr\/villes\/relleu\/?id=26989\" class=\"stad\">\n                            <img loading=\"lazy\" decoding=\"async\" width=\"1024\" height=\"683\" src=\"https:\/\/sublicasa.com\/wp-content\/uploads\/2024\/09\/Pasarela-Relleu.jpg\" class=\"attachment-post-thumbnail size-post-thumbnail wp-post-image\" alt=\"\" srcset=\"https:\/\/sublicasa.com\/wp-content\/uploads\/2024\/09\/Pasarela-Relleu.jpg 1024w, https:\/\/sublicasa.com\/wp-content\/uploads\/2024\/09\/Pasarela-Relleu-300x200.jpg 300w, https:\/\/sublicasa.com\/wp-content\/uploads\/2024\/09\/Pasarela-Relleu-768x512.jpg 768w\" sizes=\"(max-width: 1024px) 100vw, 1024px\" \/>                            <p>Relleu<\/p>\n                        <\/a>\n                                            <a href=\"https:\/\/sublicasa.com\/fr\/villes\/san-juan-2\/?id=26991\" class=\"stad\">\n                            <img loading=\"lazy\" decoding=\"async\" width=\"1800\" height=\"1200\" src=\"https:\/\/sublicasa.com\/wp-content\/uploads\/2024\/09\/playa-san-juan-area-accesible.jpg\" class=\"attachment-post-thumbnail size-post-thumbnail wp-post-image\" alt=\"\" srcset=\"https:\/\/sublicasa.com\/wp-content\/uploads\/2024\/09\/playa-san-juan-area-accesible.jpg 1800w, https:\/\/sublicasa.com\/wp-content\/uploads\/2024\/09\/playa-san-juan-area-accesible-300x200.jpg 300w, https:\/\/sublicasa.com\/wp-content\/uploads\/2024\/09\/playa-san-juan-area-accesible-1024x683.jpg 1024w, https:\/\/sublicasa.com\/wp-content\/uploads\/2024\/09\/playa-san-juan-area-accesible-768x512.jpg 768w, https:\/\/sublicasa.com\/wp-content\/uploads\/2024\/09\/playa-san-juan-area-accesible-1536x1024.jpg 1536w\" sizes=\"(max-width: 1800px) 100vw, 1800px\" \/>                            <p>San Juan<\/p>\n                        <\/a>\n                                            <a href=\"https:\/\/sublicasa.com\/fr\/villes\/teulada\/?id=26993\" class=\"stad\">\n                            <img loading=\"lazy\" decoding=\"async\" width=\"800\" height=\"533\" src=\"https:\/\/sublicasa.com\/wp-content\/uploads\/2024\/09\/teulada.jpg\" class=\"attachment-post-thumbnail size-post-thumbnail wp-post-image\" alt=\"\" srcset=\"https:\/\/sublicasa.com\/wp-content\/uploads\/2024\/09\/teulada.jpg 800w, https:\/\/sublicasa.com\/wp-content\/uploads\/2024\/09\/teulada-300x200.jpg 300w, https:\/\/sublicasa.com\/wp-content\/uploads\/2024\/09\/teulada-768x512.jpg 768w\" sizes=\"(max-width: 800px) 100vw, 800px\" \/>                            <p>Teulada<\/p>\n                        <\/a>\n                                            <a href=\"https:\/\/sublicasa.com\/fr\/villes\/villajoyosa-2\/?id=26996\" class=\"stad\">\n                            <img loading=\"lazy\" decoding=\"async\" width=\"1920\" height=\"1080\" src=\"https:\/\/sublicasa.com\/wp-content\/uploads\/2024\/09\/Villajoyosa-2.jpg\" class=\"attachment-post-thumbnail size-post-thumbnail wp-post-image\" alt=\"\" srcset=\"https:\/\/sublicasa.com\/wp-content\/uploads\/2024\/09\/Villajoyosa-2.jpg 1920w, https:\/\/sublicasa.com\/wp-content\/uploads\/2024\/09\/Villajoyosa-2-300x169.jpg 300w, https:\/\/sublicasa.com\/wp-content\/uploads\/2024\/09\/Villajoyosa-2-1024x576.jpg 1024w, https:\/\/sublicasa.com\/wp-content\/uploads\/2024\/09\/Villajoyosa-2-768x432.jpg 768w, https:\/\/sublicasa.com\/wp-content\/uploads\/2024\/09\/Villajoyosa-2-1536x864.jpg 1536w\" sizes=\"(max-width: 1920px) 100vw, 1920px\" \/>                            <p>Villajoyosa<\/p>\n                        <\/a>\n                                    <\/div>\n            <\/div>\n        <\/section>\n\n","protected":false},"featured_media":9380,"template":"","meta":{"_acf_changed":true,"inline_featured_image":false},"class_list":["post-26960","steden","type-steden","status-publish","has-post-thumbnail","hentry"],"acf":[],"yoast_head":"<!-- This site is optimized with the Yoast SEO plugin v27.5 - https:\/\/yoast.com\/product\/yoast-seo-wordpress\/ -->\n<title>Denia - Sublicasa<\/title>\n<meta name=\"description\" content=\"Acheter une maison ou un appartement \u00e0 Denia. Vous souhaitez acheter une maison en Espagne ? D\u00e9couvrez notre nouveau site web avec tous les nouveaux projets.\" \/>\n<meta name=\"robots\" content=\"index, follow, max-snippet:-1, max-image-preview:large, max-video-preview:-1\" \/>\n<link rel=\"canonical\" href=\"https:\/\/sublicasa.com\/fr\/villes\/denia\/\" \/>\n<meta property=\"og:locale\" content=\"fr_FR\" \/>\n<meta property=\"og:type\" content=\"article\" \/>\n<meta property=\"og:title\" content=\"Denia - Sublicasa\" \/>\n<meta property=\"og:description\" content=\"Acheter une maison ou un appartement \u00e0 Denia. Vous souhaitez acheter une maison en Espagne ? D\u00e9couvrez notre nouveau site web avec tous les nouveaux projets.\" \/>\n<meta property=\"og:url\" content=\"https:\/\/sublicasa.com\/fr\/villes\/denia\/\" \/>\n<meta property=\"og:site_name\" content=\"Sublicasa\" \/>\n<meta property=\"article:modified_time\" content=\"2024-10-30T15:17:20+00:00\" \/>\n<meta property=\"og:image\" content=\"https:\/\/sublicasa.com\/wp-content\/uploads\/2024\/08\/Denia-5.jpg\" \/>\n\t<meta property=\"og:image:width\" content=\"1920\" \/>\n\t<meta property=\"og:image:height\" content=\"1080\" \/>\n\t<meta property=\"og:image:type\" content=\"image\/jpeg\" \/>\n<meta name=\"twitter:card\" content=\"summary_large_image\" \/>\n<meta name=\"twitter:label1\" content=\"Dur\u00e9e de lecture estim\u00e9e\" \/>\n\t<meta name=\"twitter:data1\" content=\"1 minute\" \/>\n<script type=\"application\/ld+json\" class=\"yoast-schema-graph\">{\"@context\":\"https:\\\/\\\/schema.org\",\"@graph\":[{\"@type\":\"WebPage\",\"@id\":\"https:\\\/\\\/sublicasa.com\\\/fr\\\/villes\\\/denia\\\/\",\"url\":\"https:\\\/\\\/sublicasa.com\\\/fr\\\/villes\\\/denia\\\/\",\"name\":\"Denia - Sublicasa\",\"isPartOf\":{\"@id\":\"https:\\\/\\\/sublicasa.com\\\/fr\\\/#website\"},\"primaryImageOfPage\":{\"@id\":\"https:\\\/\\\/sublicasa.com\\\/fr\\\/villes\\\/denia\\\/#primaryimage\"},\"image\":{\"@id\":\"https:\\\/\\\/sublicasa.com\\\/fr\\\/villes\\\/denia\\\/#primaryimage\"},\"thumbnailUrl\":\"https:\\\/\\\/sublicasa.com\\\/wp-content\\\/uploads\\\/2024\\\/08\\\/Denia-5.jpg\",\"datePublished\":\"2024-08-27T09:00:24+00:00\",\"dateModified\":\"2024-10-30T15:17:20+00:00\",\"description\":\"Acheter une maison ou un appartement \u00e0 Denia. Vous souhaitez acheter une maison en Espagne ? D\u00e9couvrez notre nouveau site web avec tous les nouveaux projets.\",\"breadcrumb\":{\"@id\":\"https:\\\/\\\/sublicasa.com\\\/fr\\\/villes\\\/denia\\\/#breadcrumb\"},\"inLanguage\":\"fr-FR\",\"potentialAction\":[{\"@type\":\"ReadAction\",\"target\":[\"https:\\\/\\\/sublicasa.com\\\/fr\\\/villes\\\/denia\\\/\"]}]},{\"@type\":\"ImageObject\",\"inLanguage\":\"fr-FR\",\"@id\":\"https:\\\/\\\/sublicasa.com\\\/fr\\\/villes\\\/denia\\\/#primaryimage\",\"url\":\"https:\\\/\\\/sublicasa.com\\\/wp-content\\\/uploads\\\/2024\\\/08\\\/Denia-5.jpg\",\"contentUrl\":\"https:\\\/\\\/sublicasa.com\\\/wp-content\\\/uploads\\\/2024\\\/08\\\/Denia-5.jpg\",\"width\":1920,\"height\":1080},{\"@type\":\"BreadcrumbList\",\"@id\":\"https:\\\/\\\/sublicasa.com\\\/fr\\\/villes\\\/denia\\\/#breadcrumb\",\"itemListElement\":[{\"@type\":\"ListItem\",\"position\":1,\"name\":\"Home\",\"item\":\"https:\\\/\\\/sublicasa.com\\\/fr\\\/\"},{\"@type\":\"ListItem\",\"position\":2,\"name\":\"Denia\"}]},{\"@type\":\"WebSite\",\"@id\":\"https:\\\/\\\/sublicasa.com\\\/fr\\\/#website\",\"url\":\"https:\\\/\\\/sublicasa.com\\\/fr\\\/\",\"name\":\"Sublicasa\",\"description\":\"\",\"potentialAction\":[{\"@type\":\"SearchAction\",\"target\":{\"@type\":\"EntryPoint\",\"urlTemplate\":\"https:\\\/\\\/sublicasa.com\\\/fr\\\/?s={search_term_string}\"},\"query-input\":{\"@type\":\"PropertyValueSpecification\",\"valueRequired\":true,\"valueName\":\"search_term_string\"}}],\"inLanguage\":\"fr-FR\"}]}<\/script>\n<!-- \/ Yoast SEO plugin. -->","yoast_head_json":{"title":"Denia - Sublicasa","description":"Acheter une maison ou un appartement \u00e0 Denia. Vous souhaitez acheter une maison en Espagne ? D\u00e9couvrez notre nouveau site web avec tous les nouveaux projets.","robots":{"index":"index","follow":"follow","max-snippet":"max-snippet:-1","max-image-preview":"max-image-preview:large","max-video-preview":"max-video-preview:-1"},"canonical":"https:\/\/sublicasa.com\/fr\/villes\/denia\/","og_locale":"fr_FR","og_type":"article","og_title":"Denia - Sublicasa","og_description":"Acheter une maison ou un appartement \u00e0 Denia. Vous souhaitez acheter une maison en Espagne ? D\u00e9couvrez notre nouveau site web avec tous les nouveaux projets.","og_url":"https:\/\/sublicasa.com\/fr\/villes\/denia\/","og_site_name":"Sublicasa","article_modified_time":"2024-10-30T15:17:20+00:00","og_image":[{"width":1920,"height":1080,"url":"https:\/\/sublicasa.com\/wp-content\/uploads\/2024\/08\/Denia-5.jpg","type":"image\/jpeg"}],"twitter_card":"summary_large_image","twitter_misc":{"Dur\u00e9e de lecture estim\u00e9e":"1 minute"},"schema":{"@context":"https:\/\/schema.org","@graph":[{"@type":"WebPage","@id":"https:\/\/sublicasa.com\/fr\/villes\/denia\/","url":"https:\/\/sublicasa.com\/fr\/villes\/denia\/","name":"Denia - Sublicasa","isPartOf":{"@id":"https:\/\/sublicasa.com\/fr\/#website"},"primaryImageOfPage":{"@id":"https:\/\/sublicasa.com\/fr\/villes\/denia\/#primaryimage"},"image":{"@id":"https:\/\/sublicasa.com\/fr\/villes\/denia\/#primaryimage"},"thumbnailUrl":"https:\/\/sublicasa.com\/wp-content\/uploads\/2024\/08\/Denia-5.jpg","datePublished":"2024-08-27T09:00:24+00:00","dateModified":"2024-10-30T15:17:20+00:00","description":"Acheter une maison ou un appartement \u00e0 Denia. Vous souhaitez acheter une maison en Espagne ? D\u00e9couvrez notre nouveau site web avec tous les nouveaux projets.","breadcrumb":{"@id":"https:\/\/sublicasa.com\/fr\/villes\/denia\/#breadcrumb"},"inLanguage":"fr-FR","potentialAction":[{"@type":"ReadAction","target":["https:\/\/sublicasa.com\/fr\/villes\/denia\/"]}]},{"@type":"ImageObject","inLanguage":"fr-FR","@id":"https:\/\/sublicasa.com\/fr\/villes\/denia\/#primaryimage","url":"https:\/\/sublicasa.com\/wp-content\/uploads\/2024\/08\/Denia-5.jpg","contentUrl":"https:\/\/sublicasa.com\/wp-content\/uploads\/2024\/08\/Denia-5.jpg","width":1920,"height":1080},{"@type":"BreadcrumbList","@id":"https:\/\/sublicasa.com\/fr\/villes\/denia\/#breadcrumb","itemListElement":[{"@type":"ListItem","position":1,"name":"Home","item":"https:\/\/sublicasa.com\/fr\/"},{"@type":"ListItem","position":2,"name":"Denia"}]},{"@type":"WebSite","@id":"https:\/\/sublicasa.com\/fr\/#website","url":"https:\/\/sublicasa.com\/fr\/","name":"Sublicasa","description":"","potentialAction":[{"@type":"SearchAction","target":{"@type":"EntryPoint","urlTemplate":"https:\/\/sublicasa.com\/fr\/?s={search_term_string}"},"query-input":{"@type":"PropertyValueSpecification","valueRequired":true,"valueName":"search_term_string"}}],"inLanguage":"fr-FR"}]}},"_links":{"self":[{"href":"https:\/\/sublicasa.com\/fr\/wp-json\/wp\/v2\/steden\/26960","targetHints":{"allow":["GET"]}}],"collection":[{"href":"https:\/\/sublicasa.com\/fr\/wp-json\/wp\/v2\/steden"}],"about":[{"href":"https:\/\/sublicasa.com\/fr\/wp-json\/wp\/v2\/types\/steden"}],"wp:featuredmedia":[{"embeddable":true,"href":"https:\/\/sublicasa.com\/fr\/wp-json\/wp\/v2\/media\/9380"}],"wp:attachment":[{"href":"https:\/\/sublicasa.com\/fr\/wp-json\/wp\/v2\/media?parent=26960"}],"curies":[{"name":"wp","href":"https:\/\/api.w.org\/{rel}","templated":true}]}}